{"id":29,"date":"2016-08-12T17:27:43","date_gmt":"2016-08-12T17:27:43","guid":{"rendered":"http:\/\/localhost:8888\/wordpress\/?page_id=29"},"modified":"2017-10-02T14:15:39","modified_gmt":"2017-10-02T14:15:39","slug":"links","status":"publish","type":"page","link":"http:\/\/marcboivin.org\/en\/links\/","title":{"rendered":"Links"},"content":{"rendered":"<p>[vc_row unlock_row=&#8221;&#8221; row_height_percent=&#8221;0&#8243; overlay_alpha=&#8221;50&#8243; gutter_size=&#8221;3&#8243; shift_y=&#8221;0&#8243;][vc_column column_width_percent=&#8221;100&#8243; back_color=&#8221;color-lxmt&#8221; overlay_alpha=&#8221;50&#8243; gutter_size=&#8221;3&#8243; medium_width=&#8221;0&#8243; mobile_width=&#8221;0&#8243; shift_x=&#8221;0&#8243; shift_y=&#8221;0&#8243; z_index=&#8221;0&#8243; width=&#8221;1\/1&#8243;][uncode_list]<\/p>\n<ul>\n<li><a href=\"http:\/\/espaceschoregraphiques2.com\" target=\"_blank\" rel=\"noopener\">Fondation Jean-Pierre Perreault<\/a><\/li>\n<li><a href=\"http:\/\/www.quebecdanse.org\/\" target=\"_blank\" rel=\"noopener\">Regroupement qu\u00e9b\u00e9cois de la danse<\/a><\/li>\n<li><a href=\"http:\/\/www.edcmtl.com\/fr\/\" target=\"_blank\" rel=\"noopener\">\u00c9cole de danse contemporaine de Montr\u00e9al<\/a><\/li>\n<li><a href=\"http:\/\/www.circuit-est.qc.ca\/\" target=\"_blank\" rel=\"noopener\">Circuit-Est<\/a><\/li>\n<li><a href=\"http:\/\/www.schooloftdt.org\/\" target=\"_blank\" rel=\"noopener\">School of Toronto Dance Theater<\/a><\/li>\n<li><a href=\"http:\/\/www.schoolofcontemporarydancers.ca\/\" target=\"_blank\" rel=\"noopener\">School of Contemporary Dancers<\/a><\/li>\n<li><a href=\"http:\/\/www.anasokolovic.com\/\" target=\"_blank\" rel=\"noopener\">Ana Sokolovi\u0107<\/a><\/li>\n<li><a href=\"http:\/\/www.quatuorbozzini.ca\/\" target=\"_blank\" rel=\"noopener\">Quatuor Bozzini<\/a><\/li>\n<li><a href=\"http:\/\/www.smcq.qc.ca\/\" target=\"_blank\" rel=\"noopener\">Soci\u00e9t\u00e9 de musique contemporaine du Qu\u00e9bec<\/a><\/li>\n<li><a href=\"http:\/\/www.banffcentre.ca\/\" target=\"_blank\" rel=\"noopener\">Centre d\u2019arts de Banff<\/a><\/li>\n<li><a href=\"http:\/\/www.agoradanse.com\/\" target=\"_blank\" rel=\"noopener\">Agora de la danse<\/a><\/li>\n<li><a href=\"http:\/\/www.marcboivin.org\/www.ahha-productions.ca\" target=\"_blank\" rel=\"noopener\">AH HA Productions<\/a><\/li>\n<li><a href=\"http:\/\/www.ensembleko.com\/\" target=\"_blank\" rel=\"noopener\">Ensemble K\u00f4<\/a><\/li>\n<li><a href=\"http:\/\/www.julienrobert.net\/\" target=\"_blank\" rel=\"noopener\">Julien-Robert Legault Salvail<\/a><\/li>\n<li><a href=\"http:\/\/www.dcd.ca\/\" target=\"_blank\" rel=\"noopener\">Dance Collection Danse<\/a><\/li>\n<li><a href=\"http:\/\/www.calendarproject.ca\/\" target=\"_blank\" rel=\"noopener\">Calendrier \/ Tedi Tafel<\/a><\/li>\n<li><a href=\"http:\/\/www.dominiqueporte.com\/\" target=\"_blank\" rel=\"noopener\">Syst\u00e8me D \/ Dominique Porte<\/a><\/li>\n<li><a href=\"http:\/\/www.facebook.com\/group.php?gid=48803552444\" target=\"_blank\" rel=\"noopener\">L\u2019Art\u00e8re, coop\u00e9rative de danseurs professionnels de Qu\u00e9bec<br \/>\n<\/a><\/li>\n<li><a href=\"http:\/\/danceworks.ca\/\" target=\"_blank\" rel=\"noopener\">Dance Works<\/a><\/li>\n<li><a href=\"http:\/\/www.transformationdanse.com\/\" target=\"_blank\" rel=\"noopener\">Transformation Danse<\/a><\/li>\n<li><a href=\"http:\/\/ledanseurnepesepaslourd.com\/\" target=\"_blank\" rel=\"noopener\">Le danseur ne p\u00e8se pas lourd dans la balance<\/a><\/li>\n<li><a href=\"http:\/\/www.ppsdanse.com\/\" target=\"_blank\" rel=\"noopener\">PPS Danse<\/a><\/li>\n<li><a href=\"http:\/\/www.sylvainemard.com\/\" target=\"_blank\" rel=\"noopener\">Sylvain \u00c9mard<\/a><\/li>\n<li><a href=\"http:\/\/www.danceworksrotterdam.nl\/\" target=\"_blank\" rel=\"noopener\">Andr\u00e9 Gingras<\/a><\/li>\n<li><a href=\"http:\/\/www.tengatesdancing.ca\/teddrobinson.htm\" target=\"_blank\" rel=\"noopener\">Tedd Robinson<\/a><\/li>\n<li><a href=\"http:\/\/www.lbdanse.org\/\" target=\"_blank\" rel=\"noopener\">Louise B\u00e9dard Danse<\/a><\/li>\n<li><a href=\"http:\/\/www.marcboivin.org\/www.colemanlemieux.com\/\" target=\"_blank\" rel=\"noopener\">Coleman Lemieux<\/a><\/li>\n<li><a href=\"http:\/\/www.felixruckert.de\/\" target=\"_blank\" rel=\"noopener\">Felix Ruckert<\/a><\/li>\n<\/ul>\n<p>[\/uncode_list][vc_column_text]<\/p>\n<p style=\"text-align: right; font-size: 10px;\">photo credit: Marc Boivin<\/p>\n<p>[\/vc_column_text][\/vc_column][\/vc_row]<\/p>\n","protected":false},"excerpt":{"rendered":"<p>[vc_row unlock_row=&#8221;&#8221; row_height_percent=&#8221;0&#8243; overlay_alpha=&#8221;50&#8243; gutter_size=&#8221;3&#8243; shift_y=&#8221;0&#8243;][vc_column column_width_percent=&#8221;100&#8243; back_color=&#8221;color-lxmt&#8221; overlay_alpha=&#8221;50&#8243; gutter_size=&#8221;3&#8243; medium_width=&#8221;0&#8243; mobile_width=&#8221;0&#8243; shift_x=&#8221;0&#8243; shift_y=&#8221;0&#8243; z_index=&#8221;0&#8243; width=&#8221;1\/1&#8243;][uncode_list] Fondation Jean-Pierre Perreault Regroupement [&hellip;]<\/p>\n","protected":false},"author":1,"featured_media":54746,"parent":0,"menu_order":0,"comment_status":"closed","ping_status":"closed","template":"","meta":[],"_links":{"self":[{"href":"http:\/\/marcboivin.org\/en\/wp-json\/wp\/v2\/pages\/29"}],"collection":[{"href":"http:\/\/marcboivin.org\/en\/wp-json\/wp\/v2\/pages"}],"about":[{"href":"http:\/\/marcboivin.org\/en\/wp-json\/wp\/v2\/types\/page"}],"author":[{"embeddable":true,"href":"http:\/\/marcboivin.org\/en\/wp-json\/wp\/v2\/users\/1"}],"replies":[{"embeddable":true,"href":"http:\/\/marcboivin.org\/en\/wp-json\/wp\/v2\/comments?post=29"}],"version-history":[{"count":12,"href":"http:\/\/marcboivin.org\/en\/wp-json\/wp\/v2\/pages\/29\/revisions"}],"predecessor-version":[{"id":55046,"href":"http:\/\/marcboivin.org\/en\/wp-json\/wp\/v2\/pages\/29\/revisions\/55046"}],"wp:featuredmedia":[{"embeddable":true,"href":"http:\/\/marcboivin.org\/en\/wp-json\/wp\/v2\/media\/54746"}],"wp:attachment":[{"href":"http:\/\/marcboivin.org\/en\/wp-json\/wp\/v2\/media?parent=29"}],"curies":[{"name":"wp","href":"https:\/\/api.w.org\/{rel}","templated":true}]}}